{"id":24,"date":"2019-08-12T14:04:55","date_gmt":"2019-08-12T14:04:55","guid":{"rendered":"http:\/\/www.petrabraunova.cz\/?page_id=24"},"modified":"2025-10-16T01:27:13","modified_gmt":"2025-10-15T23:27:13","slug":"co-miluju","status":"publish","type":"page","link":"https:\/\/www.petrabraunova.cz\/?page_id=24","title":{"rendered":"Fotogalerie"},"content":{"rendered":"\n<figure class=\"wp-block-image size-large\"><img loading=\"lazy\" width=\"600\" height=\"419\" src=\"https:\/\/www.petrabraunova.cz\/wp-content\/uploads\/2025\/10\/505331681_9949563505098019_5780308804887161505_n.jpg\" alt=\"\" class=\"wp-image-999\" srcset=\"https:\/\/www.petrabraunova.cz\/wp-content\/uploads\/2025\/10\/505331681_9949563505098019_5780308804887161505_n.jpg 600w, https:\/\/www.petrabraunova.cz\/wp-content\/uploads\/2025\/10\/505331681_9949563505098019_5780308804887161505_n-300x210.jpg 300w\" sizes=\"(max-width: 600px) 100vw, 600px\" \/><figcaption>Jedna p\u011bkn\u00e1, stylizovan\u00e1, z roku &#8222;raz, dva&#8220;<\/figcaption><\/figure>\n\n\n\n<figure class=\"wp-block-image size-large\"><img loading=\"lazy\" width=\"1024\" height=\"574\" src=\"http:\/\/www.petrabraunova.cz\/wp-content\/uploads\/2024\/09\/DSCF1887-topaz-faceai-sharpen-1024x574.jpeg\" alt=\"\" class=\"wp-image-839\" srcset=\"https:\/\/www.petrabraunova.cz\/wp-content\/uploads\/2024\/09\/DSCF1887-topaz-faceai-sharpen-1024x574.jpeg 1024w, https:\/\/www.petrabraunova.cz\/wp-content\/uploads\/2024\/09\/DSCF1887-topaz-faceai-sharpen-300x168.jpeg 300w, https:\/\/www.petrabraunova.cz\/wp-content\/uploads\/2024\/09\/DSCF1887-topaz-faceai-sharpen-768x430.jpeg 768w, https:\/\/www.petrabraunova.cz\/wp-content\/uploads\/2024\/09\/DSCF1887-topaz-faceai-sharpen-1536x860.jpeg 1536w, https:\/\/www.petrabraunova.cz\/wp-content\/uploads\/2024\/09\/DSCF1887-topaz-faceai-sharpen-2048x1147.jpeg 2048w, https:\/\/www.petrabraunova.cz\/wp-content\/uploads\/2024\/09\/DSCF1887-topaz-faceai-sharpen-520x292.jpeg 520w, https:\/\/www.petrabraunova.cz\/wp-content\/uploads\/2024\/09\/DSCF1887-topaz-faceai-sharpen-740x414.jpeg 740w\" sizes=\"(max-width: 1024px) 100vw, 1024px\" \/><figcaption>J\u00e1 a &#8222;moje t\u00e1borov\u00e9 d\u011bti&#8220; v roce 2024<\/figcaption><\/figure>\n\n\n\n<figure class=\"wp-block-image size-large\"><img loading=\"lazy\" width=\"1024\" height=\"683\" src=\"https:\/\/www.petrabraunova.cz\/wp-content\/uploads\/2023\/09\/IMG_5431-1024x683.jpg\" alt=\"\" class=\"wp-image-735\" srcset=\"https:\/\/www.petrabraunova.cz\/wp-content\/uploads\/2023\/09\/IMG_5431-1024x683.jpg 1024w, https:\/\/www.petrabraunova.cz\/wp-content\/uploads\/2023\/09\/IMG_5431-300x200.jpg 300w, https:\/\/www.petrabraunova.cz\/wp-content\/uploads\/2023\/09\/IMG_5431-768x512.jpg 768w, https:\/\/www.petrabraunova.cz\/wp-content\/uploads\/2023\/09\/IMG_5431-1536x1024.jpg 1536w, https:\/\/www.petrabraunova.cz\/wp-content\/uploads\/2023\/09\/IMG_5431-2048x1365.jpg 2048w, https:\/\/www.petrabraunova.cz\/wp-content\/uploads\/2023\/09\/IMG_5431-740x493.jpg 740w, https:\/\/www.petrabraunova.cz\/wp-content\/uploads\/2023\/09\/IMG_5431-600x400.jpg 600w\" sizes=\"(max-width: 1024px) 100vw, 1024px\" \/><figcaption>s d\u011btmi z m\u00e9ho divadeln\u00edho t\u00e1bora v roce 2023<\/figcaption><\/figure>\n\n\n\n<figure class=\"wp-block-image size-large\"><img loading=\"lazy\" width=\"1024\" height=\"875\" src=\"https:\/\/www.petrabraunova.cz\/wp-content\/uploads\/2022\/08\/Braunova-1024x875.jpg\" alt=\"\" class=\"wp-image-588\" srcset=\"https:\/\/www.petrabraunova.cz\/wp-content\/uploads\/2022\/08\/Braunova-1024x875.jpg 1024w, https:\/\/www.petrabraunova.cz\/wp-content\/uploads\/2022\/08\/Braunova-300x256.jpg 300w, https:\/\/www.petrabraunova.cz\/wp-content\/uploads\/2022\/08\/Braunova-768x656.jpg 768w, https:\/\/www.petrabraunova.cz\/wp-content\/uploads\/2022\/08\/Braunova-740x632.jpg 740w, https:\/\/www.petrabraunova.cz\/wp-content\/uploads\/2022\/08\/Braunova.jpg 1492w\" sizes=\"(max-width: 1024px) 100vw, 1024px\" \/><figcaption>Letos mi bylo 55 !!!<\/figcaption><\/figure>\n\n\n\n<p>Je to se mnou t\u011b\u017ek\u00e9. Vypad\u00e1m ka\u017edou chvilku jinak. Ale nejl\u00edp, docela nejl\u00edp se c\u00edt\u00edm mezi d\u011btmi. Vlastn\u00edmi, ciz\u00edmi, je to celkem fuk. D\u011bti jsou \u00fa\u017easn\u00e9 bytosti, kter\u00e9 se nep\u0159etva\u0159uj\u00ed a jsou p\u0159ipraven\u00e9 na ka\u017edou z\u00e1bavu.<\/p>\n\n\n\n<figure class=\"wp-block-image size-large\"><img loading=\"lazy\" width=\"1024\" height=\"768\" src=\"https:\/\/www.petrabraunova.cz\/wp-content\/uploads\/2022\/01\/100_1513-2-1024x768.jpg\" alt=\"\" class=\"wp-image-544\" srcset=\"https:\/\/www.petrabraunova.cz\/wp-content\/uploads\/2022\/01\/100_1513-2-1024x768.jpg 1024w, https:\/\/www.petrabraunova.cz\/wp-content\/uploads\/2022\/01\/100_1513-2-300x225.jpg 300w, https:\/\/www.petrabraunova.cz\/wp-content\/uploads\/2022\/01\/100_1513-2-768x576.jpg 768w, https:\/\/www.petrabraunova.cz\/wp-content\/uploads\/2022\/01\/100_1513-2-1536x1152.jpg 1536w, https:\/\/www.petrabraunova.cz\/wp-content\/uploads\/2022\/01\/100_1513-2-2048x1536.jpg 2048w, https:\/\/www.petrabraunova.cz\/wp-content\/uploads\/2022\/01\/100_1513-2-740x555.jpg 740w\" sizes=\"(max-width: 1024px) 100vw, 1024px\" \/><figcaption>K\u00e9\u017e by bylo moje!<\/figcaption><\/figure>\n\n\n\n<figure class=\"wp-block-image size-large\"><img loading=\"lazy\" width=\"1024\" height=\"768\" src=\"https:\/\/www.petrabraunova.cz\/wp-content\/uploads\/2021\/09\/100_0629-2-1024x768.jpg\" alt=\"\" class=\"wp-image-516\" srcset=\"https:\/\/www.petrabraunova.cz\/wp-content\/uploads\/2021\/09\/100_0629-2-1024x768.jpg 1024w, https:\/\/www.petrabraunova.cz\/wp-content\/uploads\/2021\/09\/100_0629-2-300x225.jpg 300w, https:\/\/www.petrabraunova.cz\/wp-content\/uploads\/2021\/09\/100_0629-2-768x576.jpg 768w, https:\/\/www.petrabraunova.cz\/wp-content\/uploads\/2021\/09\/100_0629-2-1536x1152.jpg 1536w, https:\/\/www.petrabraunova.cz\/wp-content\/uploads\/2021\/09\/100_0629-2-2048x1536.jpg 2048w, https:\/\/www.petrabraunova.cz\/wp-content\/uploads\/2021\/09\/100_0629-2-740x555.jpg 740w\" sizes=\"(max-width: 1024px) 100vw, 1024px\" \/><figcaption>l\u00e9to 2021<\/figcaption><\/figure>\n\n\n\n<figure class=\"wp-block-image size-large\"><img loading=\"lazy\" width=\"1024\" height=\"768\" src=\"https:\/\/www.petrabraunova.cz\/wp-content\/uploads\/2021\/01\/20-45-1024x768.jpg\" alt=\"\" class=\"wp-image-451\" srcset=\"https:\/\/www.petrabraunova.cz\/wp-content\/uploads\/2021\/01\/20-45-1024x768.jpg 1024w, https:\/\/www.petrabraunova.cz\/wp-content\/uploads\/2021\/01\/20-45-300x225.jpg 300w, https:\/\/www.petrabraunova.cz\/wp-content\/uploads\/2021\/01\/20-45-768x576.jpg 768w, https:\/\/www.petrabraunova.cz\/wp-content\/uploads\/2021\/01\/20-45-1536x1152.jpg 1536w, https:\/\/www.petrabraunova.cz\/wp-content\/uploads\/2021\/01\/20-45-2048x1536.jpg 2048w, https:\/\/www.petrabraunova.cz\/wp-content\/uploads\/2021\/01\/20-45-740x555.jpg 740w\" sizes=\"(max-width: 1024px) 100vw, 1024px\" \/><\/figure>\n\n\n\n<p><\/p>\n\n\n\n<figure class=\"wp-block-image\"><img loading=\"lazy\" width=\"682\" height=\"910\" src=\"https:\/\/www.petrabraunova.cz\/wp-content\/uploads\/2020\/10\/svatbaJ8.jpg\" alt=\"\" class=\"wp-image-342\" srcset=\"https:\/\/www.petrabraunova.cz\/wp-content\/uploads\/2020\/10\/svatbaJ8.jpg 682w, https:\/\/www.petrabraunova.cz\/wp-content\/uploads\/2020\/10\/svatbaJ8-225x300.jpg 225w\" sizes=\"(max-width: 682px) 100vw, 682px\" \/><figcaption>J\u00e1 v l\u00e9t\u011b 2020&#8230; na svatb\u011b m\u00e9ho syna.<\/figcaption><\/figure>\n\n\n\n<figure class=\"wp-block-image size-large\"><img loading=\"lazy\" width=\"1024\" height=\"768\" src=\"https:\/\/www.petrabraunova.cz\/wp-content\/uploads\/2021\/01\/deti2018-1024x768.jpg\" alt=\"\" class=\"wp-image-460\" srcset=\"https:\/\/www.petrabraunova.cz\/wp-content\/uploads\/2021\/01\/deti2018-1024x768.jpg 1024w, https:\/\/www.petrabraunova.cz\/wp-content\/uploads\/2021\/01\/deti2018-300x225.jpg 300w, https:\/\/www.petrabraunova.cz\/wp-content\/uploads\/2021\/01\/deti2018-768x576.jpg 768w, https:\/\/www.petrabraunova.cz\/wp-content\/uploads\/2021\/01\/deti2018-1536x1152.jpg 1536w, https:\/\/www.petrabraunova.cz\/wp-content\/uploads\/2021\/01\/deti2018-2048x1536.jpg 2048w, https:\/\/www.petrabraunova.cz\/wp-content\/uploads\/2021\/01\/deti2018-740x555.jpg 740w\" sizes=\"(max-width: 1024px) 100vw, 1024px\" \/><figcaption>S vlastn\u00edmi d\u011btmi na m\u00e9 narozeniny v M\u011b\u010d\u00edn\u011b, r. 2018<\/figcaption><\/figure>\n\n\n\n<figure class=\"wp-block-image\"><img loading=\"lazy\" width=\"720\" height=\"540\" src=\"https:\/\/www.petrabraunova.cz\/wp-content\/uploads\/2020\/06\/pa\u0159\u00ed\u017e2010.jpg\" alt=\"\" class=\"wp-image-243\" srcset=\"https:\/\/www.petrabraunova.cz\/wp-content\/uploads\/2020\/06\/pa\u0159\u00ed\u017e2010.jpg 720w, https:\/\/www.petrabraunova.cz\/wp-content\/uploads\/2020\/06\/pa\u0159\u00ed\u017e2010-300x225.jpg 300w\" sizes=\"(max-width: 720px) 100vw, 720px\" \/><figcaption>Miluji Francii. Takhle jsem se tam v roce 2010 pokusila ztratit :). Ani m\u011b ani nejmenovan\u00e9 knihovnici (vlevo) se to nepoda\u0159ilo ! \ud83d\ude42<\/figcaption><\/figure>\n\n\n\n<figure class=\"wp-block-image\"><img loading=\"lazy\" width=\"1024\" height=\"768\" src=\"https:\/\/www.petrabraunova.cz\/wp-content\/uploads\/2020\/06\/od-jarky-4-1024x768.jpg\" alt=\"\" class=\"wp-image-278\" srcset=\"https:\/\/www.petrabraunova.cz\/wp-content\/uploads\/2020\/06\/od-jarky-4-1024x768.jpg 1024w, https:\/\/www.petrabraunova.cz\/wp-content\/uploads\/2020\/06\/od-jarky-4-300x225.jpg 300w, https:\/\/www.petrabraunova.cz\/wp-content\/uploads\/2020\/06\/od-jarky-4-768x576.jpg 768w, https:\/\/www.petrabraunova.cz\/wp-content\/uploads\/2020\/06\/od-jarky-4-740x555.jpg 740w\" sizes=\"(max-width: 1024px) 100vw, 1024px\" \/><figcaption>Tady si hraju na \u0161ikovnou pan\u00ed redaktorku Psala jsem \u010dl\u00e1nky do r\u016fzn\u00fdch \u010dasopis\u016f, pov\u00eddky, rozhovory se zn\u00e1m\u00fdmi osobnostmi. Netu\u0161ila jsem, \u017ee se pohybuju v pekle :). Rok 2008.<br><\/figcaption><\/figure>\n\n\n\n<figure class=\"wp-block-image\"><img loading=\"lazy\" width=\"1024\" height=\"680\" src=\"https:\/\/www.petrabraunova.cz\/wp-content\/uploads\/2020\/06\/DSC_0339-1024x680.jpg\" alt=\"\" class=\"wp-image-281\" srcset=\"https:\/\/www.petrabraunova.cz\/wp-content\/uploads\/2020\/06\/DSC_0339-1024x680.jpg 1024w, https:\/\/www.petrabraunova.cz\/wp-content\/uploads\/2020\/06\/DSC_0339-300x199.jpg 300w, https:\/\/www.petrabraunova.cz\/wp-content\/uploads\/2020\/06\/DSC_0339-768x510.jpg 768w, https:\/\/www.petrabraunova.cz\/wp-content\/uploads\/2020\/06\/DSC_0339-740x491.jpg 740w\" sizes=\"(max-width: 1024px) 100vw, 1024px\" \/><\/figure>\n\n\n\n<figure class=\"wp-block-image\"><img loading=\"lazy\" width=\"1024\" height=\"680\" src=\"https:\/\/www.petrabraunova.cz\/wp-content\/uploads\/2020\/06\/DSC_0333-1024x680.jpg\" alt=\"\" class=\"wp-image-282\" srcset=\"https:\/\/www.petrabraunova.cz\/wp-content\/uploads\/2020\/06\/DSC_0333-1024x680.jpg 1024w, https:\/\/www.petrabraunova.cz\/wp-content\/uploads\/2020\/06\/DSC_0333-300x199.jpg 300w, https:\/\/www.petrabraunova.cz\/wp-content\/uploads\/2020\/06\/DSC_0333-768x510.jpg 768w, https:\/\/www.petrabraunova.cz\/wp-content\/uploads\/2020\/06\/DSC_0333-740x491.jpg 740w\" sizes=\"(max-width: 1024px) 100vw, 1024px\" \/><figcaption>S ilustr\u00e1torem Jirkou Bernardem p\u0159i k\u0159tu jedn\u00e9 z kn\u00ed\u017eek o Johance \ud83d\ude42 Autorsk\u00fdch \u010dten\u00ed a besed m\u00e1m po\u017eehnan\u011b. D\u00edky, mil\u00fd \u010dten\u00e1\u0159i!<\/figcaption><\/figure>\n\n\n\n<figure class=\"wp-block-image\"><img loading=\"lazy\" width=\"750\" height=\"1000\" src=\"https:\/\/www.petrabraunova.cz\/wp-content\/uploads\/2020\/06\/IMG_0106.jpg\" alt=\"\" class=\"wp-image-284\" srcset=\"https:\/\/www.petrabraunova.cz\/wp-content\/uploads\/2020\/06\/IMG_0106.jpg 750w, https:\/\/www.petrabraunova.cz\/wp-content\/uploads\/2020\/06\/IMG_0106-225x300.jpg 225w, https:\/\/www.petrabraunova.cz\/wp-content\/uploads\/2020\/06\/IMG_0106-740x987.jpg 740w\" sizes=\"(max-width: 750px) 100vw, 750px\" \/><figcaption>s legend\u00e1rn\u00ed Kamilou Mou\u010dkovou jsem napsala knihu Nejsem \u017e\u00e1dn\u00e1 lvice. Fotka na benz\u00ednce p\u0159i jedn\u00e9 z cest na autorsk\u00e9 \u010dten\u00ed. Rok 2018.<\/figcaption><\/figure>\n\n\n\n<figure class=\"wp-block-image is-resized\"><img loading=\"lazy\" src=\"https:\/\/www.petrabraunova.cz\/wp-content\/uploads\/2020\/06\/DSCN4720-1024x768.jpg\" alt=\"\" class=\"wp-image-286\" width=\"580\" height=\"435\" srcset=\"https:\/\/www.petrabraunova.cz\/wp-content\/uploads\/2020\/06\/DSCN4720-1024x768.jpg 1024w, https:\/\/www.petrabraunova.cz\/wp-content\/uploads\/2020\/06\/DSCN4720-300x225.jpg 300w, https:\/\/www.petrabraunova.cz\/wp-content\/uploads\/2020\/06\/DSCN4720-768x576.jpg 768w, https:\/\/www.petrabraunova.cz\/wp-content\/uploads\/2020\/06\/DSCN4720-740x555.jpg 740w\" sizes=\"(max-width: 580px) 100vw, 580px\" \/><figcaption>Na jedn\u00e9 z akc\u00ed ve \u0161koln\u00ed knihovn\u011b v Jihlav\u011b, moje posledn\u00ed akce p\u0159ed pandemi\u00ed 2019 \ud83d\ude42<\/figcaption><\/figure>\n\n\n\n<p>M\u00e1m dv\u011b star\u0161\u00ed sestry Renatu a Hanku. Odmali\u010dka m\u011b sek\u00fdruj\u00ed, ale co j\u00e1 bych si bez nich po\u010dala&#8230; \ud83d\ude42<\/p>\n\n\n\n<figure class=\"wp-block-image\"><img loading=\"lazy\" width=\"1024\" height=\"768\" src=\"http:\/\/www.petrabraunova.cz\/wp-content\/uploads\/2019\/11\/DSC05354-1024x768.jpg\" alt=\"\" class=\"wp-image-137\" srcset=\"https:\/\/www.petrabraunova.cz\/wp-content\/uploads\/2019\/11\/DSC05354-1024x768.jpg 1024w, https:\/\/www.petrabraunova.cz\/wp-content\/uploads\/2019\/11\/DSC05354-300x225.jpg 300w, https:\/\/www.petrabraunova.cz\/wp-content\/uploads\/2019\/11\/DSC05354-768x576.jpg 768w, https:\/\/www.petrabraunova.cz\/wp-content\/uploads\/2019\/11\/DSC05354-740x555.jpg 740w\" sizes=\"(max-width: 1024px) 100vw, 1024px\" \/><figcaption>Fotka ze svatby jedn\u00e9 z nete\u0159\u00ed. M\u00e1m jich celkem p\u011bt, pokus\u00edm se zjistit, zda bych si je sem mohla um\u00edstit. Sester jsem se neptala&#8230; \ud83d\ude42<br><\/figcaption><\/figure>\n\n\n\n<figure class=\"wp-block-image is-resized\"><img loading=\"lazy\" src=\"http:\/\/www.petrabraunova.cz\/wp-content\/uploads\/2019\/12\/old_foto_3.jpg\" alt=\"\" class=\"wp-image-155\" width=\"578\" height=\"587\" srcset=\"https:\/\/www.petrabraunova.cz\/wp-content\/uploads\/2019\/12\/old_foto_3.jpg 447w, https:\/\/www.petrabraunova.cz\/wp-content\/uploads\/2019\/12\/old_foto_3-295x300.jpg 295w\" sizes=\"(max-width: 578px) 100vw, 578px\" \/><figcaption>Jo, takhle jsme vypadaly, kdy\u017e jsme byly mal\u00e9, a je\u0161t\u011b jsme netu\u0161ily,<br> co v\u0161echno n\u00e1s semele. <\/figcaption><\/figure>\n\n\n\n<figure class=\"wp-block-image\"><img loading=\"lazy\" width=\"1024\" height=\"768\" src=\"https:\/\/www.petrabraunova.cz\/wp-content\/uploads\/2020\/01\/Mecin-2019-1024x768.jpg\" alt=\"\" class=\"wp-image-177\" srcset=\"https:\/\/www.petrabraunova.cz\/wp-content\/uploads\/2020\/01\/Mecin-2019-1024x768.jpg 1024w, https:\/\/www.petrabraunova.cz\/wp-content\/uploads\/2020\/01\/Mecin-2019-300x225.jpg 300w, https:\/\/www.petrabraunova.cz\/wp-content\/uploads\/2020\/01\/Mecin-2019-768x576.jpg 768w, https:\/\/www.petrabraunova.cz\/wp-content\/uploads\/2020\/01\/Mecin-2019-740x555.jpg 740w\" sizes=\"(max-width: 1024px) 100vw, 1024px\" \/><figcaption>M\u011b\u010d\u00edn u Klatov<\/figcaption><\/figure>\n\n\n\n<p>\u017diju v m\u00edst\u011b, kde se narodila v roce 1931 moje maminka Marie Vejvan\u010dick\u00e1, provdan\u00e1 \u0160atoplechov\u00e1.<\/p>\n\n\n\n<p>Koupila jsem tu starou \u0161kolu, d\u016fm, kter\u00fd spravuji, miluji a v\u011bnuji v\u0161em d\u011btem, kter\u00e9 maj\u00ed r\u00e1dy kouzla.<\/p>\n\n\n\n<figure class=\"wp-block-image\"><img loading=\"lazy\" width=\"1024\" height=\"768\" src=\"https:\/\/www.petrabraunova.cz\/wp-content\/uploads\/2020\/01\/72449448_2659484717439619_2067451639723196416_n-1-1024x768.jpg\" alt=\"\" class=\"wp-image-179\" srcset=\"https:\/\/www.petrabraunova.cz\/wp-content\/uploads\/2020\/01\/72449448_2659484717439619_2067451639723196416_n-1-1024x768.jpg 1024w, https:\/\/www.petrabraunova.cz\/wp-content\/uploads\/2020\/01\/72449448_2659484717439619_2067451639723196416_n-1-300x225.jpg 300w, https:\/\/www.petrabraunova.cz\/wp-content\/uploads\/2020\/01\/72449448_2659484717439619_2067451639723196416_n-1-768x576.jpg 768w, https:\/\/www.petrabraunova.cz\/wp-content\/uploads\/2020\/01\/72449448_2659484717439619_2067451639723196416_n-1-740x555.jpg 740w\" sizes=\"(max-width: 1024px) 100vw, 1024px\" \/><figcaption>Takhle vypadal d\u016fm na konci srpna 2019. <br><\/figcaption><\/figure>\n\n\n\n<figure class=\"wp-block-image size-large\"><img loading=\"lazy\" width=\"1024\" height=\"467\" src=\"https:\/\/www.petrabraunova.cz\/wp-content\/uploads\/2021\/01\/leden-1024x467.jpg\" alt=\"\" class=\"wp-image-445\" srcset=\"https:\/\/www.petrabraunova.cz\/wp-content\/uploads\/2021\/01\/leden-1024x467.jpg 1024w, https:\/\/www.petrabraunova.cz\/wp-content\/uploads\/2021\/01\/leden-300x137.jpg 300w, https:\/\/www.petrabraunova.cz\/wp-content\/uploads\/2021\/01\/leden-768x350.jpg 768w, https:\/\/www.petrabraunova.cz\/wp-content\/uploads\/2021\/01\/leden-1536x700.jpg 1536w, https:\/\/www.petrabraunova.cz\/wp-content\/uploads\/2021\/01\/leden-740x337.jpg 740w, https:\/\/www.petrabraunova.cz\/wp-content\/uploads\/2021\/01\/leden.jpg 1600w\" sizes=\"(max-width: 1024px) 100vw, 1024px\" \/><figcaption>D\u016fm v lednu 2021<\/figcaption><\/figure>\n\n\n\n<figure class=\"wp-block-image size-large\"><img loading=\"lazy\" width=\"768\" height=\"1024\" src=\"https:\/\/www.petrabraunova.cz\/wp-content\/uploads\/2021\/03\/157128012_463976858089993_2001187919014152301_n-1-768x1024.jpg\" alt=\"\" class=\"wp-image-474\" srcset=\"https:\/\/www.petrabraunova.cz\/wp-content\/uploads\/2021\/03\/157128012_463976858089993_2001187919014152301_n-1-768x1024.jpg 768w, https:\/\/www.petrabraunova.cz\/wp-content\/uploads\/2021\/03\/157128012_463976858089993_2001187919014152301_n-1-225x300.jpg 225w, https:\/\/www.petrabraunova.cz\/wp-content\/uploads\/2021\/03\/157128012_463976858089993_2001187919014152301_n-1-740x987.jpg 740w, https:\/\/www.petrabraunova.cz\/wp-content\/uploads\/2021\/03\/157128012_463976858089993_2001187919014152301_n-1.jpg 828w\" sizes=\"(max-width: 768px) 100vw, 768px\" \/><figcaption>Je n\u00e1s v\u00edc. Bruno je\u0161t\u011b nev\u00ed nic o pandemii ani o tom, \u017ee jeho babi\u010dka vlastn\u00ed stra\u0161ideln\u00fd d\u016fm.<\/figcaption><\/figure>\n\n\n\n<figure class=\"wp-block-image size-large\"><img loading=\"lazy\" width=\"768\" height=\"1024\" src=\"https:\/\/www.petrabraunova.cz\/wp-content\/uploads\/2022\/11\/313856916_459836682885189_4430333408481346126_n-768x1024.jpg\" alt=\"\" class=\"wp-image-618\" srcset=\"https:\/\/www.petrabraunova.cz\/wp-content\/uploads\/2022\/11\/313856916_459836682885189_4430333408481346126_n-768x1024.jpg 768w, https:\/\/www.petrabraunova.cz\/wp-content\/uploads\/2022\/11\/313856916_459836682885189_4430333408481346126_n-225x300.jpg 225w, https:\/\/www.petrabraunova.cz\/wp-content\/uploads\/2022\/11\/313856916_459836682885189_4430333408481346126_n-1152x1536.jpg 1152w, https:\/\/www.petrabraunova.cz\/wp-content\/uploads\/2022\/11\/313856916_459836682885189_4430333408481346126_n-740x987.jpg 740w, https:\/\/www.petrabraunova.cz\/wp-content\/uploads\/2022\/11\/313856916_459836682885189_4430333408481346126_n.jpg 1536w\" sizes=\"(max-width: 768px) 100vw, 768px\" \/><figcaption>Roste ten n\u00e1\u0161 brou\u010dek Bruno<\/figcaption><\/figure>\n\n\n\n<figure class=\"wp-block-image size-large\"><img loading=\"lazy\" width=\"722\" height=\"960\" src=\"https:\/\/www.petrabraunova.cz\/wp-content\/uploads\/2022\/11\/308259429_1438972139921008_1745733386749462874_n.jpg\" alt=\"\" class=\"wp-image-619\" srcset=\"https:\/\/www.petrabraunova.cz\/wp-content\/uploads\/2022\/11\/308259429_1438972139921008_1745733386749462874_n.jpg 722w, https:\/\/www.petrabraunova.cz\/wp-content\/uploads\/2022\/11\/308259429_1438972139921008_1745733386749462874_n-226x300.jpg 226w\" sizes=\"(max-width: 722px) 100vw, 722px\" \/><figcaption>V dom\u011b se ob\u010das sch\u00e1z\u00ed honorace \ud83d\ude42<\/figcaption><\/figure>\n\n\n\n<figure class=\"wp-block-image size-large\"><img loading=\"lazy\" width=\"683\" height=\"1024\" src=\"https:\/\/www.petrabraunova.cz\/wp-content\/uploads\/2022\/11\/foto-8-683x1024.jpg\" alt=\"\" class=\"wp-image-620\" srcset=\"https:\/\/www.petrabraunova.cz\/wp-content\/uploads\/2022\/11\/foto-8-683x1024.jpg 683w, https:\/\/www.petrabraunova.cz\/wp-content\/uploads\/2022\/11\/foto-8-200x300.jpg 200w, https:\/\/www.petrabraunova.cz\/wp-content\/uploads\/2022\/11\/foto-8-768x1151.jpg 768w, https:\/\/www.petrabraunova.cz\/wp-content\/uploads\/2022\/11\/foto-8-1025x1536.jpg 1025w, https:\/\/www.petrabraunova.cz\/wp-content\/uploads\/2022\/11\/foto-8-1367x2048.jpg 1367w, https:\/\/www.petrabraunova.cz\/wp-content\/uploads\/2022\/11\/foto-8-740x1109.jpg 740w, https:\/\/www.petrabraunova.cz\/wp-content\/uploads\/2022\/11\/foto-8-scaled.jpg 1708w\" sizes=\"(max-width: 683px) 100vw, 683px\" \/><figcaption>Tv\u016fr\u010d\u00ed psan\u00ed se \u0161kol\u00e1ky m\u011b bav\u00ed &#8211; foto z kav\u00e1rny Avion v \u010cesk\u00e9m T\u011b\u0161\u00edn\u011b<\/figcaption><\/figure>\n\n\n\n<figure class=\"wp-block-image size-large\"><img loading=\"lazy\" width=\"1000\" height=\"750\" src=\"https:\/\/www.petrabraunova.cz\/wp-content\/uploads\/2022\/11\/100_4252.jpg\" alt=\"\" class=\"wp-image-621\" srcset=\"https:\/\/www.petrabraunova.cz\/wp-content\/uploads\/2022\/11\/100_4252.jpg 1000w, https:\/\/www.petrabraunova.cz\/wp-content\/uploads\/2022\/11\/100_4252-300x225.jpg 300w, https:\/\/www.petrabraunova.cz\/wp-content\/uploads\/2022\/11\/100_4252-768x576.jpg 768w, https:\/\/www.petrabraunova.cz\/wp-content\/uploads\/2022\/11\/100_4252-740x555.jpg 740w\" sizes=\"(max-width: 1000px) 100vw, 1000px\" \/><figcaption>Jojo, spravila jsem to! \ud83d\ude42<\/figcaption><\/figure>\n\n\n\n<p><\/p>\n","protected":false},"excerpt":{"rendered":"<p>Je to se mnou t\u011b\u017ek\u00e9. Vypad\u00e1m ka\u017edou chvilku jinak. Ale nejl\u00edp, docela nejl\u00edp se c\u00edt\u00edm mezi d\u011btmi. Vlastn\u00edmi, ciz\u00edmi, je to celkem fuk. D\u011bti&#46;&#46;&#46;<\/p>\n","protected":false},"author":1,"featured_media":0,"parent":0,"menu_order":0,"comment_status":"closed","ping_status":"closed","template":"","meta":{"spay_email":""},"_links":{"self":[{"href":"https:\/\/www.petrabraunova.cz\/index.php?rest_route=\/wp\/v2\/pages\/24"}],"collection":[{"href":"https:\/\/www.petrabraunova.cz\/index.php?rest_route=\/wp\/v2\/pages"}],"about":[{"href":"https:\/\/www.petrabraunova.cz\/index.php?rest_route=\/wp\/v2\/types\/page"}],"author":[{"embeddable":true,"href":"https:\/\/www.petrabraunova.cz\/index.php?rest_route=\/wp\/v2\/users\/1"}],"replies":[{"embeddable":true,"href":"https:\/\/www.petrabraunova.cz\/index.php?rest_route=%2Fwp%2Fv2%2Fcomments&post=24"}],"version-history":[{"count":27,"href":"https:\/\/www.petrabraunova.cz\/index.php?rest_route=\/wp\/v2\/pages\/24\/revisions"}],"predecessor-version":[{"id":1001,"href":"https:\/\/www.petrabraunova.cz\/index.php?rest_route=\/wp\/v2\/pages\/24\/revisions\/1001"}],"wp:attachment":[{"href":"https:\/\/www.petrabraunova.cz\/index.php?rest_route=%2Fwp%2Fv2%2Fmedia&parent=24"}],"curies":[{"name":"wp","href":"https:\/\/api.w.org\/{rel}","templated":true}]}}